{"id":270,"date":"2024-12-11T10:39:05","date_gmt":"2024-12-11T10:39:05","guid":{"rendered":"https:\/\/snpwpteste.pt\/wp_3\/?page_id=270"},"modified":"2025-02-13T09:52:48","modified_gmt":"2025-02-13T09:52:48","slug":"o-projeto","status":"publish","type":"page","link":"https:\/\/snpwpteste.pt\/wp_3\/?page_id=270","title":{"rendered":"O projeto"},"content":{"rendered":"\t\t<div data-elementor-type=\"wp-page\" data-elementor-id=\"270\" class=\"elementor elementor-270\">\n\t\t\t\t\t\t<section class=\"elementor-section elementor-top-section elementor-element elementor-element-e173548 elementor-section-boxed elementor-section-height-default elementor-section-height-default\" data-id=\"e173548\" data-element_type=\"section\" data-e-type=\"section\">\n\t\t\t\t\t\t<div class=\"elementor-container elementor-column-gap-default\">\n\t\t\t\t\t<div class=\"elementor-column elementor-col-100 elementor-top-column elementor-element elementor-element-5508ef9\" data-id=\"5508ef9\" data-element_type=\"column\" data-e-type=\"column\">\n\t\t\t<div class=\"elementor-widget-wrap elementor-element-populated\">\n\t\t\t\t\t\t<div class=\"elementor-element elementor-element-c4d93a0 elementor-widget elementor-widget-spacer\" data-id=\"c4d93a0\" data-element_type=\"widget\" data-e-type=\"widget\" data-widget_type=\"spacer.default\">\n\t\t\t\t\t\t\t<div class=\"elementor-spacer\">\n\t\t\t<div class=\"elementor-spacer-inner\"><\/div>\n\t\t<\/div>\n\t\t\t\t\t\t<\/div>\n\t\t\t\t<div class=\"elementor-element elementor-element-c59978d elementor-widget elementor-widget-heading\" data-id=\"c59978d\" data-element_type=\"widget\" data-e-type=\"widget\" data-widget_type=\"heading.default\">\n\t\t\t\t\t<h4 class=\"elementor-heading-title elementor-size-default\">O PROJECTO\n<\/h4>\t\t\t\t<\/div>\n\t\t\t\t<div class=\"elementor-element elementor-element-480f927 elementor-widget elementor-widget-spacer\" data-id=\"480f927\" data-element_type=\"widget\" data-e-type=\"widget\" data-widget_type=\"spacer.default\">\n\t\t\t\t\t\t\t<div class=\"elementor-spacer\">\n\t\t\t<div class=\"elementor-spacer-inner\"><\/div>\n\t\t<\/div>\n\t\t\t\t\t\t<\/div>\n\t\t\t\t<div class=\"elementor-element elementor-element-d42dea6 elementor-widget elementor-widget-text-editor\" data-id=\"d42dea6\" data-element_type=\"widget\" data-e-type=\"widget\" data-widget_type=\"text-editor.default\">\n\t\t\t\t\t\t\t\t\t<p>O Sesimbra Natura Park localiza-se na Herdade da Mesquita, propriedade com 867 hectares, estando inserido na Mata de Sesimbra (maior zona florestal da \u00c1rea Metropolitana de Lisboa) muito pr\u00f3ximo do Parque Natural da Arr\u00e1bida, da vila de Sesimbra, do Cabo Espichel, e do Meco.<\/p>\t\t\t\t\t\t\t\t<\/div>\n\t\t\t\t\t<\/div>\n\t\t<\/div>\n\t\t\t\t\t<\/div>\n\t\t<\/section>\n\t\t\t\t<section class=\"elementor-section elementor-top-section elementor-element elementor-element-eddf4fb elementor-section-full_width elementor-section-height-default elementor-section-height-default\" data-id=\"eddf4fb\" data-element_type=\"section\" data-e-type=\"section\">\n\t\t\t\t\t\t<div class=\"elementor-container elementor-column-gap-default\">\n\t\t\t\t\t<div class=\"elementor-column elementor-col-100 elementor-top-column elementor-element elementor-element-0f0e223\" data-id=\"0f0e223\" data-element_type=\"column\" data-e-type=\"column\">\n\t\t\t<div class=\"elementor-widget-wrap elementor-element-populated\">\n\t\t\t\t\t\t<div class=\"elementor-element elementor-element-63d6d03 elementor-widget elementor-widget-media-carousel\" data-id=\"63d6d03\" data-element_type=\"widget\" data-e-type=\"widget\" data-widget_type=\"media-carousel.default\">\n\t\t\t\t<div class=\"elementor-widget-container\">\n\t\t\t\t\t \t\t\t\t<\/div>\n\t\t\t\t<\/div>\n\t\t\t\t\t<\/div>\n\t\t<\/div>\n\t\t\t\t\t<\/div>\n\t\t<\/section>\n\t\t\t\t<section class=\"elementor-section elementor-top-section elementor-element elementor-element-d9955aa elementor-section-boxed elementor-section-height-default elementor-section-height-default\" data-id=\"d9955aa\" data-element_type=\"section\" data-e-type=\"section\">\n\t\t\t\t\t\t<div class=\"elementor-container elementor-column-gap-default\">\n\t\t\t\t\t<div class=\"elementor-column elementor-col-100 elementor-top-column elementor-element elementor-element-86a0460\" data-id=\"86a0460\" data-element_type=\"column\" data-e-type=\"column\">\n\t\t\t<div class=\"elementor-widget-wrap elementor-element-populated\">\n\t\t\t\t\t\t<div class=\"elementor-element elementor-element-0d23fdb elementor-widget elementor-widget-text-editor\" data-id=\"0d23fdb\" data-element_type=\"widget\" data-e-type=\"widget\" data-widget_type=\"text-editor.default\">\n\t\t\t\t\t\t\t\t\t<p>A<strong> Herdade da Mesquita, possui atividades de explora\u00e7\u00e3o de areia, explora\u00e7\u00e3o florestal (madeira de pinheiro bravo, eucalipto, pinh\u00e3o, corti\u00e7a e lenha) e fruticultura.<\/strong><\/p><p>Nesta propriedade est\u00e1 a ser implementado o Plano de Gest\u00e3o Ambiental da Mata de Sesimbra, com uma reconvers\u00e3o florestal que inclui a substitui\u00e7\u00e3o gradual do povoamento de pinheiro bravo existente, por esp\u00e9cies aut\u00f3ctones como o Sobreiro, o Pinheiro Manso e o Carvalho Cerquinho. Pretende-se igualmente melhorar as zonas de montado existentes, recuperar as galerias rip\u00edcolas e criar um conjunto de lagoas que permitam diversificar a fauna e a flora.<br \/>A explora\u00e7\u00e3o florestal \u00e9 realizada de forma sustent\u00e1vel, garantindo uma correta preserva\u00e7\u00e3o e renova\u00e7\u00e3o dos recursos.<\/p>\t\t\t\t\t\t\t\t<\/div>\n\t\t\t\t\t<\/div>\n\t\t<\/div>\n\t\t\t\t\t<\/div>\n\t\t<\/section>\n\t\t\t\t<section class=\"elementor-section elementor-top-section elementor-element elementor-element-d9674b4 elementor-section-full_width elementor-section-height-default elementor-section-height-default\" data-id=\"d9674b4\" data-element_type=\"section\" data-e-type=\"section\">\n\t\t\t\t\t\t<div class=\"elementor-container elementor-column-gap-default\">\n\t\t\t\t\t<div class=\"elementor-column elementor-col-100 elementor-top-column elementor-element elementor-element-3f7b249\" data-id=\"3f7b249\" data-element_type=\"column\" data-e-type=\"column\">\n\t\t\t<div class=\"elementor-widget-wrap elementor-element-populated\">\n\t\t\t\t\t\t<div class=\"elementor-element elementor-element-2f56279 elementor-widget elementor-widget-media-carousel\" data-id=\"2f56279\" data-element_type=\"widget\" data-e-type=\"widget\" data-widget_type=\"media-carousel.default\">\n\t\t\t\t<div class=\"elementor-widget-container\">\n\t\t\t\t\t \t\t\t\t<\/div>\n\t\t\t\t<\/div>\n\t\t\t\t\t<\/div>\n\t\t<\/div>\n\t\t\t\t\t<\/div>\n\t\t<\/section>\n\t\t\t\t<section class=\"elementor-section elementor-top-section elementor-element elementor-element-6cfc911 elementor-section-boxed elementor-section-height-default elementor-section-height-default\" data-id=\"6cfc911\" data-element_type=\"section\" data-e-type=\"section\">\n\t\t\t\t\t\t<div class=\"elementor-container elementor-column-gap-default\">\n\t\t\t\t\t<div class=\"elementor-column elementor-col-100 elementor-top-column elementor-element elementor-element-0976081\" data-id=\"0976081\" data-element_type=\"column\" data-e-type=\"column\">\n\t\t\t<div class=\"elementor-widget-wrap elementor-element-populated\">\n\t\t\t\t\t\t<div class=\"elementor-element elementor-element-8efc0b1 elementor-widget elementor-widget-text-editor\" data-id=\"8efc0b1\" data-element_type=\"widget\" data-e-type=\"widget\" data-widget_type=\"text-editor.default\">\n\t\t\t\t\t\t\t\t\t<p><strong>A recupera\u00e7\u00e3o dos terrenos afetados pela explora\u00e7\u00e3o de areia \u00e9 realizada de acordo com as normas do Plano de Gest\u00e3o Ambiental da Mata de Sesimbra<\/strong>, tendo sido criados um conjunto de lagos de grande dimens\u00e3o, cuja modela\u00e7\u00e3o do terreno \u00e9 realizada com o objectivo de possu\u00edrem uma forma org\u00e2nica e naturalizada (com o alargamento das zonas de interface). Foram ainda implantadas um conjunto de ilhas, e zonas de baixa profundidade que permitem o desenvolvimento da vegeta\u00e7\u00e3o marginal como o cani\u00e7o, a tifa, os salgueiros, e os amieiros. Este ecossistema, apesar de ser constru\u00eddo artificialmente, permite uma ampla diversidade de flora e de fauna.<\/p>\t\t\t\t\t\t\t\t<\/div>\n\t\t\t\t\t<\/div>\n\t\t<\/div>\n\t\t\t\t\t<\/div>\n\t\t<\/section>\n\t\t\t\t<section class=\"elementor-section elementor-top-section elementor-element elementor-element-a13d2d4 elementor-section-full_width elementor-section-height-default elementor-section-height-default\" data-id=\"a13d2d4\" data-element_type=\"section\" data-e-type=\"section\">\n\t\t\t\t\t\t<div class=\"elementor-container elementor-column-gap-default\">\n\t\t\t\t\t<div class=\"elementor-column elementor-col-100 elementor-top-column elementor-element elementor-element-58342ba\" data-id=\"58342ba\" data-element_type=\"column\" data-e-type=\"column\">\n\t\t\t<div class=\"elementor-widget-wrap elementor-element-populated\">\n\t\t\t\t\t\t<div class=\"elementor-element elementor-element-62aa2b3 elementor-widget elementor-widget-media-carousel\" data-id=\"62aa2b3\" data-element_type=\"widget\" data-e-type=\"widget\" data-widget_type=\"media-carousel.default\">\n\t\t\t\t<div class=\"elementor-widget-container\">\n\t\t\t\t\t \t\t\t\t<\/div>\n\t\t\t\t<\/div>\n\t\t\t\t\t<\/div>\n\t\t<\/div>\n\t\t\t\t\t<\/div>\n\t\t<\/section>\n\t\t\t\t<section class=\"elementor-section elementor-top-section elementor-element elementor-element-5a84422 elementor-section-boxed elementor-section-height-default elementor-section-height-default\" data-id=\"5a84422\" data-element_type=\"section\" data-e-type=\"section\">\n\t\t\t\t\t\t<div class=\"elementor-container elementor-column-gap-default\">\n\t\t\t\t\t<div class=\"elementor-column elementor-col-100 elementor-top-column elementor-element elementor-element-f58fb5c\" data-id=\"f58fb5c\" data-element_type=\"column\" data-e-type=\"column\">\n\t\t\t<div class=\"elementor-widget-wrap elementor-element-populated\">\n\t\t\t\t\t\t<div class=\"elementor-element elementor-element-0abb263 elementor-widget elementor-widget-text-editor\" data-id=\"0abb263\" data-element_type=\"widget\" data-e-type=\"widget\" data-widget_type=\"text-editor.default\">\n\t\t\t\t\t\t\t\t\t<p>O Sesimbra Natura Park, localizado a poucos km\u00b4s do centro de Lisboa, vem oferecer pela primeira vez em Portugal, um espa\u00e7o de grandes dimens\u00f5es devidamente infraestruturado, com o objectivo de proporcionar actividades de recreio e lazer num espa\u00e7o agro-florestal. Organizam-se igualmente eventos destinados a particulares, a empresas e a escolas.<\/p><p>Tendo por base um conjunto de infraestruturas de qualidade, esta propriedade organiza festas de anivers\u00e1rio, festas de finalistas, despedidas de solteiro, casamentos, eventos para empresas (ac\u00e7\u00f5es de Team building, aluguer de espa\u00e7os para reuni\u00f5es, etc) e um conjunto de programas dedicados a escolas onde se alia o recreio e lazer com a educa\u00e7\u00e3o ambiental.<\/p>\t\t\t\t\t\t\t\t<\/div>\n\t\t\t\t\t<\/div>\n\t\t<\/div>\n\t\t\t\t\t<\/div>\n\t\t<\/section>\n\t\t\t\t<section class=\"elementor-section elementor-top-section elementor-element elementor-element-57d44df elementor-section-full_width elementor-section-height-default elementor-section-height-default\" data-id=\"57d44df\" data-element_type=\"section\" data-e-type=\"section\">\n\t\t\t\t\t\t<div class=\"elementor-container elementor-column-gap-default\">\n\t\t\t\t\t<div class=\"elementor-column elementor-col-100 elementor-top-column elementor-element elementor-element-331a68e\" data-id=\"331a68e\" data-element_type=\"column\" data-e-type=\"column\">\n\t\t\t<div class=\"elementor-widget-wrap elementor-element-populated\">\n\t\t\t\t\t\t<div class=\"elementor-element elementor-element-03e9f82 elementor-widget elementor-widget-media-carousel\" data-id=\"03e9f82\" data-element_type=\"widget\" data-e-type=\"widget\" data-widget_type=\"media-carousel.default\">\n\t\t\t\t<div class=\"elementor-widget-container\">\n\t\t\t\t\t \t\t\t\t<\/div>\n\t\t\t\t<\/div>\n\t\t\t\t\t<\/div>\n\t\t<\/div>\n\t\t\t\t\t<\/div>\n\t\t<\/section>\n\t\t\t\t<section class=\"elementor-section elementor-top-section elementor-element elementor-element-c639c97 elementor-section-boxed elementor-section-height-default elementor-section-height-default\" data-id=\"c639c97\" data-element_type=\"section\" data-e-type=\"section\">\n\t\t\t\t\t\t<div class=\"elementor-container elementor-column-gap-default\">\n\t\t\t\t\t<div class=\"elementor-column elementor-col-100 elementor-top-column elementor-element elementor-element-a3955c4\" data-id=\"a3955c4\" data-element_type=\"column\" data-e-type=\"column\">\n\t\t\t<div class=\"elementor-widget-wrap elementor-element-populated\">\n\t\t\t\t\t\t<div class=\"elementor-element elementor-element-2303188 elementor-widget elementor-widget-text-editor\" data-id=\"2303188\" data-element_type=\"widget\" data-e-type=\"widget\" data-widget_type=\"text-editor.default\">\n\t\t\t\t\t\t\t\t\t<p><strong>Venha passar o dia connosco!<\/strong><\/p>\t\t\t\t\t\t\t\t<\/div>\n\t\t\t\t\t<\/div>\n\t\t<\/div>\n\t\t\t\t\t<\/div>\n\t\t<\/section>\n\t\t\t\t<section class=\"elementor-section elementor-top-section elementor-element elementor-element-affb9c5 elementor-section-boxed elementor-section-height-default elementor-section-height-default\" data-id=\"affb9c5\" data-element_type=\"section\" data-e-type=\"section\">\n\t\t\t\t\t\t<div class=\"elementor-container elementor-column-gap-default\">\n\t\t\t\t\t<div class=\"elementor-column elementor-col-100 elementor-top-column elementor-element elementor-element-180fc5e\" data-id=\"180fc5e\" data-element_type=\"column\" data-e-type=\"column\">\n\t\t\t<div class=\"elementor-widget-wrap elementor-element-populated\">\n\t\t\t\t\t\t<div class=\"elementor-element elementor-element-9568dc5 elementor-align-center elementor-widget elementor-widget-button\" data-id=\"9568dc5\" data-element_type=\"widget\" data-e-type=\"widget\" data-widget_type=\"button.default\">\n\t\t\t\t\t\t\t\t\t\t<a class=\"elementor-button elementor-button-link elementor-size-sm\" href=\"http:\/\/sesimbranaturapark.ptformulario\/\">\n\t\t\t\t\t\t<span class=\"elementor-button-content-wrapper\">\n\t\t\t\t\t\t\t\t\t<span class=\"elementor-button-text\">CONTACTE-NOS<\/span>\n\t\t\t\t\t<\/span>\n\t\t\t\t\t<\/a>\n\t\t\t\t\t\t\t\t<\/div>\n\t\t\t\t\t<\/div>\n\t\t<\/div>\n\t\t\t\t\t<\/div>\n\t\t<\/section>\n\t\t\t\t<\/div>\n\t\t","protected":false},"excerpt":{"rendered":"<p>O PROJECTO O Sesimbra Natura Park localiza-se na Herdade da Mesquita, propriedade com 867 hectares, estando inserido na Mata de Sesimbra (maior zona florestal da \u00c1rea Metropolitana de Lisboa) muito pr\u00f3ximo do Parque Natural da Arr\u00e1bida, da vila de Sesimbra, do Cabo Espichel, e do Meco. A Herdade da Mesquita, possui atividades de explora\u00e7\u00e3o de [&hellip;]<\/p>\n","protected":false},"author":1,"featured_media":0,"parent":0,"menu_order":0,"comment_status":"closed","ping_status":"closed","template":"","meta":{"footnotes":""},"class_list":["post-270","page","type-page","status-publish","hentry"],"_links":{"self":[{"href":"https:\/\/snpwpteste.pt\/wp_3\/index.php?rest_route=\/wp\/v2\/pages\/270","targetHints":{"allow":["GET"]}}],"collection":[{"href":"https:\/\/snpwpteste.pt\/wp_3\/index.php?rest_route=\/wp\/v2\/pages"}],"about":[{"href":"https:\/\/snpwpteste.pt\/wp_3\/index.php?rest_route=\/wp\/v2\/types\/page"}],"author":[{"embeddable":true,"href":"https:\/\/snpwpteste.pt\/wp_3\/index.php?rest_route=\/wp\/v2\/users\/1"}],"replies":[{"embeddable":true,"href":"https:\/\/snpwpteste.pt\/wp_3\/index.php?rest_route=%2Fwp%2Fv2%2Fcomments&post=270"}],"version-history":[{"count":0,"href":"https:\/\/snpwpteste.pt\/wp_3\/index.php?rest_route=\/wp\/v2\/pages\/270\/revisions"}],"wp:attachment":[{"href":"https:\/\/snpwpteste.pt\/wp_3\/index.php?rest_route=%2Fwp%2Fv2%2Fmedia&parent=270"}],"curies":[{"name":"wp","href":"https:\/\/api.w.org\/{rel}","templated":true}]}}